{"id":1096,"date":"2023-09-28T06:58:11","date_gmt":"2023-09-28T06:58:11","guid":{"rendered":"https:\/\/xn--momcommunication-dqb.fr\/?page_id=1096"},"modified":"2026-02-15T15:51:52","modified_gmt":"2026-02-15T15:51:52","slug":"reseaux-sociaux","status":"publish","type":"page","link":"https:\/\/momecommunication.fr\/?page_id=1096","title":{"rendered":"R\u00c9SEAUX SOCIAUX"},"content":{"rendered":"<p><img decoding=\"async\" width=\"736\" height=\"1128\" src=\"https:\/\/momecommunication.fr\/wp-content\/uploads\/2026\/02\/0738ca5b4e62b9cb690616523b84fdb7.jpg\" alt=\"\" loading=\"lazy\" srcset=\"https:\/\/momecommunication.fr\/wp-content\/uploads\/2026\/02\/0738ca5b4e62b9cb690616523b84fdb7.jpg 736w, https:\/\/momecommunication.fr\/wp-content\/uploads\/2026\/02\/0738ca5b4e62b9cb690616523b84fdb7-196x300.jpg 196w, https:\/\/momecommunication.fr\/wp-content\/uploads\/2026\/02\/0738ca5b4e62b9cb690616523b84fdb7-668x1024.jpg 668w\" sizes=\"auto, (max-width: 736px) 100vw, 736px\" \/>\t\t\t\t\t\t\t\t\t\t\t\t\t\t\t<\/p>\n<h2>R\u00e9seaux Sociaux<\/h2>\n<h2>Transformez votre pr\u00e9sence digitale en v\u00e9ritable levier de croissance.<\/h2>\n<p data-start=\"339\" data-end=\"558\">Chez Mom\u00e9 Communication, nous concevons des strat\u00e9gies social media sur-mesure pour d\u00e9velopper votre visibilit\u00e9, renforcer votre image de marque et engager durablement votre communaut\u00e9 sur Instagram, Facebook et TikTok.<\/p>\n<p data-start=\"560\" data-end=\"628\">L&rsquo;objectif est de cr\u00e9er des contenus strat\u00e9giques, esth\u00e9tiques et performants, afin de d\u00e9velopper votre entreprise et sa visibilit\u00e9.<\/p>\n<p data-start=\"630\" data-end=\"672\">\u00a0<\/p>\n<h1>La gestion de vos R\u00e9seaux Sociaux :<\/h1>\n<h2 data-start=\"67\" data-end=\"108\">Un accompagnement complet et structur\u00e9<\/h2>\n<p data-start=\"110\" data-end=\"254\">Chaque collaboration d\u00e9bute par une r\u00e9union en visio ou en pr\u00e9sentiel afin de comprendre vos besoins, votre positionnement et vos objectifs.<\/p>\n<p data-start=\"256\" data-end=\"453\">Nous d\u00e9finissons ensuite une strat\u00e9gie \u00e9ditoriale personnalis\u00e9e et mettons en place un calendrier \u00e9ditorial mensuel pour assurer une pr\u00e9sence coh\u00e9rente et r\u00e9guli\u00e8re sur vos r\u00e9seaux sociaux.<\/p>\n<p data-start=\"455\" data-end=\"635\">Nous prenons en charge la cr\u00e9ation de vos visuels (posts, stories, r\u00e9els), la r\u00e9daction et la programmation des publications, ainsi que l\u2019animation de votre communaut\u00e9.<\/p>\n<p data-start=\"637\" data-end=\"853\">Une veille concurrentielle continue nous permet d\u2019ajuster votre strat\u00e9gie et de vous d\u00e9marquer durablement.<\/p>\n<p data-start=\"76\" data-end=\"382\">Chaque client b\u00e9n\u00e9ficie d\u2019un <strong data-start=\"105\" data-end=\"140\">accompagnement 100 % sur-mesure<\/strong>, con\u00e7u en fonction de ses objectifs, de son secteur et de ses ambitions. Notre mission : construire une pr\u00e9sence digitale coh\u00e9rente, professionnelle et performante, parfaitement align\u00e9e avec votre identit\u00e9 visuelle et votre vision de marque.<\/p>\n<p data-start=\"384\" data-end=\"475\" data-is-last-node=\"\" data-is-only-node=\"\"><strong data-start=\"384\" data-end=\"475\" data-is-last-node=\"\">Discutons de votre strat\u00e9gie et donnons \u00e0 vos r\u00e9seaux sociaux l\u2019impact qu\u2019ils m\u00e9ritent.<\/strong><\/p>\n<p>\t\t\t<a href=\"https:\/\/momecommunication.fr\/?page_id=586\" target=\"_blank\"><br \/>\n\t\t\t\t\t\tCONTACT<br \/>\n\t\t\t\t\t<\/a><\/p>\n<h2>Ce que vous gagnez en nous confiant vos r\u00e9seaux sociaux :<\/h2>\n<ul>\n<li data-start=\"153\" data-end=\"259\">\n<p data-start=\"155\" data-end=\"259\"><strong data-start=\"155\" data-end=\"185\">Plus de temps et d\u2019\u00e9nergie<\/strong> pour vous concentrer pleinement sur le d\u00e9veloppement de votre activit\u00e9.<\/p>\n<\/li>\n<li data-start=\"260\" data-end=\"356\">\n<p data-start=\"262\" data-end=\"356\"><strong data-start=\"262\" data-end=\"300\">Une gestion compl\u00e8te et structur\u00e9e<\/strong>, sans stress ni h\u00e9sitation sur quoi publier et quand.<\/p>\n<\/li>\n<li data-start=\"357\" data-end=\"438\">\n<p data-start=\"359\" data-end=\"438\"><strong data-start=\"359\" data-end=\"398\">Une strat\u00e9gie claire et performante<\/strong>, pens\u00e9e pour atteindre vos objectifs.<\/p>\n<\/li>\n<li data-start=\"439\" data-end=\"514\">\n<p data-start=\"441\" data-end=\"514\"><strong data-start=\"441\" data-end=\"469\">Une visibilit\u00e9 renforc\u00e9e<\/strong> gr\u00e2ce \u00e0 des actions cibl\u00e9es et coh\u00e9rentes.<\/p>\n<\/li>\n<li data-start=\"515\" data-end=\"604\">\n<p data-start=\"517\" data-end=\"604\"><strong data-start=\"517\" data-end=\"545\">Des r\u00e9sultats mesurables<\/strong>, avec une progression concr\u00e8te de votre pr\u00e9sence en ligne.<\/p>\n<\/li>\n<\/ul>\n<p>\t\t\t\t\t\t\t\t\t\t\t\t\t\t\t<img decoding=\"async\" width=\"800\" height=\"533\" src=\"https:\/\/momecommunication.fr\/wp-content\/uploads\/2023\/09\/desk-593327_1280-1-1024x682.jpg\" alt=\"r\u00e9seaux sociaux\" loading=\"lazy\" srcset=\"https:\/\/momecommunication.fr\/wp-content\/uploads\/2023\/09\/desk-593327_1280-1-1024x682.jpg 1024w, https:\/\/momecommunication.fr\/wp-content\/uploads\/2023\/09\/desk-593327_1280-1-300x200.jpg 300w, https:\/\/momecommunication.fr\/wp-content\/uploads\/2023\/09\/desk-593327_1280-1-768x512.jpg 768w, https:\/\/momecommunication.fr\/wp-content\/uploads\/2023\/09\/desk-593327_1280-1.jpg 1280w\" sizes=\"auto, (max-width: 800px) 100vw, 800px\" \/><br \/>\n\t\t\t<a href=\"https:\/\/momecommunication.fr\/?page_id=1254\" target=\"_blank\"><br \/>\n\t\t\t\t\t\tAutres services<br \/>\n\t\t\t\t\t<\/a><\/p>\n<p>momecommunication@gmail.com<\/p>\n<p>06.64.92.90.09<\/p>\n<p>\t\t\t\t\t<a href=\"https:\/\/instagram.com\/mome.communication?igshid=YTQwZjQ0NmI0OA==\" target=\"_blank\"><br \/>\n\t\t\t\t\t\tInstagram<br \/>\n\t\t\t\t\t\t\t\t\t\t\t<\/a><br \/>\n\t\t\t\t\t<a href=\"https:\/\/www.facebook.com\/profile.php?id=61551229767623\" target=\"_blank\"><br \/>\n\t\t\t\t\t\tFacebook<br \/>\n\t\t\t\t\t\t\t\t\t\t\t<\/a><\/p>\n","protected":false},"excerpt":{"rendered":"<p>R\u00e9seaux Sociaux Transformez votre pr\u00e9sence digitale en v\u00e9ritable levier de croissance. Chez Mom\u00e9 Communication, nous concevons des strat\u00e9gies social media [&hellip;]<\/p>\n","protected":false},"author":1,"featured_media":0,"parent":0,"menu_order":0,"comment_status":"closed","ping_status":"closed","template":"","meta":{"_seopress_robots_primary_cat":"","om_disable_all_campaigns":false,"_uag_custom_page_level_css":"","_monsterinsights_skip_tracking":false,"_monsterinsights_sitenote_active":false,"_monsterinsights_sitenote_note":"","_monsterinsights_sitenote_category":0,"site-sidebar-layout":"default","site-content-layout":"","ast-site-content-layout":"default","site-content-style":"default","site-sidebar-style":"default","ast-global-header-display":"","ast-banner-title-visibility":"","ast-main-header-display":"","ast-hfb-above-header-display":"","ast-hfb-below-header-display":"","ast-hfb-mobile-header-display":"","site-post-title":"","ast-breadcrumbs-content":"","ast-featured-img":"","footer-sml-layout":"","ast-disable-related-posts":"","theme-transparent-header-meta":"","adv-header-id-meta":"","stick-header-meta":"","header-above-stick-meta":"","header-main-stick-meta":"","header-below-stick-meta":"","astra-migrate-meta-layouts":"default","ast-page-background-enabled":"default","ast-page-background-meta":{"desktop":{"background-color":"var(--ast-global-color-5)","background-image":"","background-repeat":"repeat","background-position":"center center","background-size":"auto","background-attachment":"scroll","background-type":"","background-media":"","overlay-type":"","overlay-color":"","overlay-opacity":"","overlay-gradient":""},"tablet":{"background-color":"","background-image":"","background-repeat":"repeat","background-position":"center center","background-size":"auto","background-attachment":"scroll","background-type":"","background-media":"","overlay-type":"","overlay-color":"","overlay-opacity":"","overlay-gradient":""},"mobile":{"background-color":"","background-image":"","background-repeat":"repeat","background-position":"center center","background-size":"auto","background-attachment":"scroll","background-type":"","background-media":"","overlay-type":"","overlay-color":"","overlay-opacity":"","overlay-gradient":""}},"ast-content-background-meta":{"desktop":{"background-color":"var(--ast-global-color-4)","background-image":"","background-repeat":"repeat","background-position":"center center","background-size":"auto","background-attachment":"scroll","background-type":"","background-media":"","overlay-type":"","overlay-color":"","overlay-opacity":"","overlay-gradient":""},"tablet":{"background-color":"var(--ast-global-color-4)","background-image":"","background-repeat":"repeat","background-position":"center center","background-size":"auto","background-attachment":"scroll","background-type":"","background-media":"","overlay-type":"","overlay-color":"","overlay-opacity":"","overlay-gradient":""},"mobile":{"background-color":"var(--ast-global-color-4)","background-image":"","background-repeat":"repeat","background-position":"center center","background-size":"auto","background-attachment":"scroll","background-type":"","background-media":"","overlay-type":"","overlay-color":"","overlay-opacity":"","overlay-gradient":""}},"footnotes":""},"class_list":["post-1096","page","type-page","status-publish","hentry"],"aioseo_notices":[],"yoast_head":"<!-- This site is optimized with the Yoast SEO plugin v21.2 - https:\/\/yoast.com\/wordpress\/plugins\/seo\/ -->\n<title>R\u00c9SEAUX SOCIAUX -<\/title>\n<meta name=\"description\" content=\"MOM\u00c9 Communication : Augmentez votre visibilit\u00e9 et votre notori\u00e9t\u00e9 gr\u00e2ce \u00e0 la gestion de vos r\u00e9seaux sociaux.\" \/>\n<meta name=\"robots\" content=\"index, follow, max-snippet:-1, max-image-preview:large, max-video-preview:-1\" \/>\n<link rel=\"canonical\" href=\"https:\/\/momecommunication.fr\/?page_id=1096\" \/>\n<meta property=\"og:locale\" content=\"fr_FR\" \/>\n<meta property=\"og:type\" content=\"article\" \/>\n<meta property=\"og:title\" content=\"R\u00c9SEAUX SOCIAUX -\" \/>\n<meta property=\"og:description\" content=\"MOM\u00c9 Communication : Augmentez votre visibilit\u00e9 et votre notori\u00e9t\u00e9 gr\u00e2ce \u00e0 la gestion de vos r\u00e9seaux sociaux.\" \/>\n<meta property=\"og:url\" content=\"https:\/\/momecommunication.fr\/?page_id=1096\" \/>\n<meta property=\"article:publisher\" content=\"https:\/\/www.facebook.com\/profile.php?id=61551229767623\" \/>\n<meta property=\"article:modified_time\" content=\"2026-02-15T15:51:52+00:00\" \/>\n<meta property=\"og:image\" content=\"https:\/\/momecommunication.fr\/wp-content\/uploads\/2026\/02\/0738ca5b4e62b9cb690616523b84fdb7.jpg\" \/>\n<meta name=\"twitter:card\" content=\"summary_large_image\" \/>\n<meta name=\"twitter:label1\" content=\"Dur\u00e9e de lecture estim\u00e9e\" \/>\n\t<meta name=\"twitter:data1\" content=\"2 minutes\" \/>\n<script type=\"application\/ld+json\" class=\"yoast-schema-graph\">{\"@context\":\"https:\/\/schema.org\",\"@graph\":[{\"@type\":\"WebPage\",\"@id\":\"https:\/\/momecommunication.fr\/?page_id=1096\",\"url\":\"https:\/\/momecommunication.fr\/?page_id=1096\",\"name\":\"R\u00c9SEAUX SOCIAUX -\",\"isPartOf\":{\"@id\":\"https:\/\/momecommunication.fr\/#website\"},\"datePublished\":\"2023-09-28T06:58:11+00:00\",\"dateModified\":\"2026-02-15T15:51:52+00:00\",\"description\":\"MOM\u00c9 Communication : Augmentez votre visibilit\u00e9 et votre notori\u00e9t\u00e9 gr\u00e2ce \u00e0 la gestion de vos r\u00e9seaux sociaux.\",\"breadcrumb\":{\"@id\":\"https:\/\/momecommunication.fr\/?page_id=1096#breadcrumb\"},\"inLanguage\":\"fr-FR\",\"potentialAction\":[{\"@type\":\"ReadAction\",\"target\":[\"https:\/\/momecommunication.fr\/?page_id=1096\"]}]},{\"@type\":\"BreadcrumbList\",\"@id\":\"https:\/\/momecommunication.fr\/?page_id=1096#breadcrumb\",\"itemListElement\":[{\"@type\":\"ListItem\",\"position\":1,\"name\":\"Accueil\",\"item\":\"https:\/\/momecommunication.fr\/\"},{\"@type\":\"ListItem\",\"position\":2,\"name\":\"R\u00c9SEAUX SOCIAUX\"}]},{\"@type\":\"WebSite\",\"@id\":\"https:\/\/momecommunication.fr\/#website\",\"url\":\"https:\/\/momecommunication.fr\/\",\"name\":\"\",\"description\":\"\",\"potentialAction\":[{\"@type\":\"SearchAction\",\"target\":{\"@type\":\"EntryPoint\",\"urlTemplate\":\"https:\/\/momecommunication.fr\/?s={search_term_string}\"},\"query-input\":\"required name=search_term_string\"}],\"inLanguage\":\"fr-FR\"}]}<\/script>\n<!-- \/ Yoast SEO plugin. -->","yoast_head_json":{"title":"R\u00c9SEAUX SOCIAUX -","description":"MOM\u00c9 Communication : Augmentez votre visibilit\u00e9 et votre notori\u00e9t\u00e9 gr\u00e2ce \u00e0 la gestion de vos r\u00e9seaux sociaux.","robots":{"index":"index","follow":"follow","max-snippet":"max-snippet:-1","max-image-preview":"max-image-preview:large","max-video-preview":"max-video-preview:-1"},"canonical":"https:\/\/momecommunication.fr\/?page_id=1096","og_locale":"fr_FR","og_type":"article","og_title":"R\u00c9SEAUX SOCIAUX -","og_description":"MOM\u00c9 Communication : Augmentez votre visibilit\u00e9 et votre notori\u00e9t\u00e9 gr\u00e2ce \u00e0 la gestion de vos r\u00e9seaux sociaux.","og_url":"https:\/\/momecommunication.fr\/?page_id=1096","article_publisher":"https:\/\/www.facebook.com\/profile.php?id=61551229767623","article_modified_time":"2026-02-15T15:51:52+00:00","og_image":[{"url":"https:\/\/momecommunication.fr\/wp-content\/uploads\/2026\/02\/0738ca5b4e62b9cb690616523b84fdb7.jpg"}],"twitter_card":"summary_large_image","twitter_misc":{"Dur\u00e9e de lecture estim\u00e9e":"2 minutes"},"schema":{"@context":"https:\/\/schema.org","@graph":[{"@type":"WebPage","@id":"https:\/\/momecommunication.fr\/?page_id=1096","url":"https:\/\/momecommunication.fr\/?page_id=1096","name":"R\u00c9SEAUX SOCIAUX -","isPartOf":{"@id":"https:\/\/momecommunication.fr\/#website"},"datePublished":"2023-09-28T06:58:11+00:00","dateModified":"2026-02-15T15:51:52+00:00","description":"MOM\u00c9 Communication : Augmentez votre visibilit\u00e9 et votre notori\u00e9t\u00e9 gr\u00e2ce \u00e0 la gestion de vos r\u00e9seaux sociaux.","breadcrumb":{"@id":"https:\/\/momecommunication.fr\/?page_id=1096#breadcrumb"},"inLanguage":"fr-FR","potentialAction":[{"@type":"ReadAction","target":["https:\/\/momecommunication.fr\/?page_id=1096"]}]},{"@type":"BreadcrumbList","@id":"https:\/\/momecommunication.fr\/?page_id=1096#breadcrumb","itemListElement":[{"@type":"ListItem","position":1,"name":"Accueil","item":"https:\/\/momecommunication.fr\/"},{"@type":"ListItem","position":2,"name":"R\u00c9SEAUX SOCIAUX"}]},{"@type":"WebSite","@id":"https:\/\/momecommunication.fr\/#website","url":"https:\/\/momecommunication.fr\/","name":"","description":"","potentialAction":[{"@type":"SearchAction","target":{"@type":"EntryPoint","urlTemplate":"https:\/\/momecommunication.fr\/?s={search_term_string}"},"query-input":"required name=search_term_string"}],"inLanguage":"fr-FR"}]}},"uagb_featured_image_src":{"full":false,"thumbnail":false,"medium":false,"medium_large":false,"large":false,"1536x1536":false,"2048x2048":false},"uagb_author_info":{"display_name":"MOM_admin","author_link":"https:\/\/momecommunication.fr\/?author=1"},"uagb_comment_info":0,"uagb_excerpt":"R\u00e9seaux Sociaux Transformez votre pr\u00e9sence digitale en v\u00e9ritable levier de croissance. Chez Mom\u00e9 Communication, nous concevons des strat\u00e9gies social media [&hellip;]","_links":{"self":[{"href":"https:\/\/momecommunication.fr\/index.php?rest_route=\/wp\/v2\/pages\/1096","targetHints":{"allow":["GET"]}}],"collection":[{"href":"https:\/\/momecommunication.fr\/index.php?rest_route=\/wp\/v2\/pages"}],"about":[{"href":"https:\/\/momecommunication.fr\/index.php?rest_route=\/wp\/v2\/types\/page"}],"author":[{"embeddable":true,"href":"https:\/\/momecommunication.fr\/index.php?rest_route=\/wp\/v2\/users\/1"}],"replies":[{"embeddable":true,"href":"https:\/\/momecommunication.fr\/index.php?rest_route=%2Fwp%2Fv2%2Fcomments&post=1096"}],"version-history":[{"count":195,"href":"https:\/\/momecommunication.fr\/index.php?rest_route=\/wp\/v2\/pages\/1096\/revisions"}],"predecessor-version":[{"id":2152,"href":"https:\/\/momecommunication.fr\/index.php?rest_route=\/wp\/v2\/pages\/1096\/revisions\/2152"}],"wp:attachment":[{"href":"https:\/\/momecommunication.fr\/index.php?rest_route=%2Fwp%2Fv2%2Fmedia&parent=1096"}],"curies":[{"name":"wp","href":"https:\/\/api.w.org\/{rel}","templated":true}]}}